{"id":1773,"date":"2021-08-23T13:16:15","date_gmt":"2021-08-23T11:16:15","guid":{"rendered":"https:\/\/gogaite.com\/?post_type=jetpack-portfolio&#038;p=1773"},"modified":"2021-08-23T13:16:16","modified_gmt":"2021-08-23T11:16:16","slug":"viviendas-sociales-en-pradolongo","status":"publish","type":"jetpack-portfolio","link":"https:\/\/gogaite.com\/en\/portfolio\/viviendas-sociales-en-pradolongo\/","title":{"rendered":"Viviendas Sociales en Pradolongo"},"content":{"rendered":"\n<p class=\"wp-block-paragraph\" style=\"font-size:12px\"><span><span><a href=\"https:\/\/gogaite.com\/en\/\">Inicio<\/a><\/span><\/span><\/p>\n\n\n\n<figure class=\"wp-block-image size-large coblocks-animate\" data-coblocks-animation=\"fadeIn\"><img data-recalc-dims=\"1\" loading=\"lazy\" decoding=\"async\" width=\"760\" height=\"493\" data-attachment-id=\"1776\" data-permalink=\"https:\/\/gogaite.com\/en\/portfolio\/viviendas-sociales-en-pradolongo\/pradolongo-07\/\" data-orig-file=\"https:\/\/i0.wp.com\/gogaite.com\/wp-content\/uploads\/2021\/08\/PRADOLONGO-07.jpg?fit=1200%2C778&amp;ssl=1\" data-orig-size=\"1200,778\" data-comments-opened=\"1\" data-image-meta=\"{&quot;aperture&quot;:&quot;0&quot;,&quot;credit&quot;:&quot;&quot;,&quot;camera&quot;:&quot;&quot;,&quot;caption&quot;:&quot;&quot;,&quot;created_timestamp&quot;:&quot;0&quot;,&quot;copyright&quot;:&quot;&quot;,&quot;focal_length&quot;:&quot;0&quot;,&quot;iso&quot;:&quot;0&quot;,&quot;shutter_speed&quot;:&quot;0&quot;,&quot;title&quot;:&quot;&quot;,&quot;orientation&quot;:&quot;0&quot;}\" data-image-title=\"Viviendas Sociales en Pradolongo\" data-image-description=\"&lt;p&gt;Viviendas Sociales en Pradolongo &amp;#8211; Paredes Pedrosa&lt;\/p&gt;\n\" data-image-caption=\"\" data-large-file=\"https:\/\/i0.wp.com\/gogaite.com\/wp-content\/uploads\/2021\/08\/PRADOLONGO-07.jpg?fit=740%2C480&amp;ssl=1\" src=\"https:\/\/i0.wp.com\/gogaite.com\/wp-content\/uploads\/2021\/08\/PRADOLONGO-07.jpg?resize=760%2C493&#038;ssl=1\" alt=\"\" class=\"wp-image-1776\" srcset=\"https:\/\/i0.wp.com\/gogaite.com\/wp-content\/uploads\/2021\/08\/PRADOLONGO-07.jpg?resize=1024%2C664&amp;ssl=1 1024w, https:\/\/i0.wp.com\/gogaite.com\/wp-content\/uploads\/2021\/08\/PRADOLONGO-07.jpg?resize=300%2C195&amp;ssl=1 300w, https:\/\/i0.wp.com\/gogaite.com\/wp-content\/uploads\/2021\/08\/PRADOLONGO-07.jpg?resize=150%2C97&amp;ssl=1 150w, https:\/\/i0.wp.com\/gogaite.com\/wp-content\/uploads\/2021\/08\/PRADOLONGO-07.jpg?resize=768%2C498&amp;ssl=1 768w, https:\/\/i0.wp.com\/gogaite.com\/wp-content\/uploads\/2021\/08\/PRADOLONGO-07.jpg?resize=500%2C324&amp;ssl=1 500w, https:\/\/i0.wp.com\/gogaite.com\/wp-content\/uploads\/2021\/08\/PRADOLONGO-07.jpg?resize=800%2C519&amp;ssl=1 800w, https:\/\/i0.wp.com\/gogaite.com\/wp-content\/uploads\/2021\/08\/PRADOLONGO-07.jpg?resize=690%2C447&amp;ssl=1 690w, https:\/\/i0.wp.com\/gogaite.com\/wp-content\/uploads\/2021\/08\/PRADOLONGO-07.jpg?w=1200&amp;ssl=1 1200w\" sizes=\"auto, (max-width: 760px) 100vw, 760px\" \/><figcaption><span class=\"uppercase\">Viviendas Sociales en Pradolongo<\/span><\/figcaption><\/figure>\n\n\n\n<hr class=\"wp-block-separator has-text-color has-background has-black-background-color has-black-color is-style-default\"\/>\n\n\n\n<div class=\"wp-block-columns is-layout-flex wp-container-core-columns-is-layout-8f761849 wp-block-columns-is-layout-flex\">\n<div class=\"wp-block-column is-layout-flow wp-block-column-is-layout-flow\">\n<p class=\"wp-block-paragraph\" style=\"font-size:13px\"><strong>Arquitecto:<\/strong><br>Paredes Pedrosa<br><strong>Tipolog\u00eda:<\/strong><br>Residencial<br><strong>Superficie:<\/strong><br>22.460 m\u00b2 <\/p>\n<\/div>\n\n\n\n<div class=\"wp-block-column is-layout-flow wp-block-column-is-layout-flow\">\n<p class=\"wp-block-paragraph\" style=\"font-size:13px\"><strong>Presupuesto:<\/strong><br>&#8211; \u20ac<br><strong>Situaci\u00f3n:<\/strong><br>Madrid<br><strong>A\u00f1o<\/strong>:<br>2002 &#8211; 2006<\/p>\n<\/div>\n<\/div>\n\n\n\n<p class=\"wp-block-paragraph\" style=\"font-size:13px\">El proyecto estudia el car\u00e1cter que debe tener una actuaci\u00f3n en la ciudad hilvanada con el paisaje urbano, el parque y con las amplias v\u00edas que lo envuelven. Se trata no solo de la resoluci\u00f3n precisa del programa de vivienda social, sino de aprovechar la capacidad de ordenaci\u00f3n del proyecto para articular el espacio urbano en beneficio de la ciudad. Los vol\u00famenes se despliegan en planta y en altura hasta convertirse en una torre doble en el v\u00e9rtice del solar en la que se concentran las vistas sobre el parque. <br><br>El plano de apoyo se reh\u00fande para ser basamento com\u00fan y acceso a los portales, proyectados como espacios semip\u00fablicos enlazados con los edificios, de forma que la linealidad del bloque abierto no excluye la formaci\u00f3n de espacios de peque\u00f1a escala, propiciando visiones longitudinales, transversales y diagonales.<br><br><span class=\"has-inline-color has-cyan-bluish-gray-color\">It is not only about the precise resolution of the social housing program, but also to take advantage of the capacity of project management to articulate the urban space for the city benefit. The volumes are displayed in plan and height until they become a double tower at the vertex of the plot where the views over the park are concentrated. <\/span><br><br><span class=\"has-inline-color has-cyan-bluish-gray-color\">The support plane is re-grouped to be a common base and access to the portals, projected as a semi-public space linked to the buildings, so that the linearity of the open block does not exclude the formation of small-scale spaces.<\/span><br><br>M\u00e1s \/ <span class=\"has-inline-color has-cyan-bluish-gray-color\">more<\/span> : <a href=\"http:\/\/www.paredespedrosa.com\/works\/63-viviendas-sociales-en-pradolongo\/\" target=\"_blank\" rel=\"noreferrer noopener\">www.paredespedrosa.com<\/a><\/p>\n","protected":false},"excerpt":{"rendered":"<p>Arquitecto:Paredes PedrosaTipolog\u00eda:ResidencialSuperficie:22.460 m\u00b2 Presupuesto:&#8211; \u20acSituaci\u00f3n:MadridA\u00f1o:2002 &#8211; 2006 El proyecto estudia el car\u00e1cter que debe tener una actuaci\u00f3n en la ciudad hilvanada con el paisaje urbano, el parque y con las amplias v\u00edas que lo envuelven. Se trata no solo de la resoluci\u00f3n precisa del programa de vivienda social, sino de aprovechar la capacidad de ordenaci\u00f3n&hellip;<\/p>\n<a class=\"read-more-link\" href=\" https:\/\/gogaite.com\/en\/portfolio\/viviendas-sociales-en-pradolongo\/ \">Read More<\/a>","protected":false},"author":206986287,"featured_media":1775,"comment_status":"closed","ping_status":"closed","template":"","meta":{"_coblocks_attr":"","_coblocks_dimensions":"","_coblocks_responsive_height":"","_coblocks_accordion_ie_support":"","footnotes":"","jetpack_publicize_message":"{title}\n\n{excerpt}\n\n{url}","jetpack_publicize_feature_enabled":true,"jetpack_social_post_already_shared":true,"jetpack_social_options":{"image_generator_settings":{"template":"highway","default_image_id":0,"font":"","enabled":false},"version":2},"_wpas_customize_per_network":false},"jetpack-portfolio-type":[121881],"jetpack-portfolio-tag":[121883],"class_list":["post-1773","jetpack-portfolio","type-jetpack-portfolio","status-publish","has-post-thumbnail","hentry","jetpack-portfolio-type-residencial","jetpack-portfolio-tag-paredes-pedrosa","col-lg-3 col-md-4 col-sm-6"],"translation":{"provider":"WPGlobus","version":"3.0.5","language":"en","enabled_languages":["es","en"],"languages":{"es":{"title":true,"content":true,"excerpt":false},"en":{"title":false,"content":false,"excerpt":false}}},"yoast_head":"<!-- This site is optimized with the Yoast SEO plugin v28.4 - https:\/\/yoast.com\/product\/yoast-seo-wordpress\/ -->\n<title>Viviendas Sociales en Pradolongo - GOGAITE<\/title>\n<meta name=\"robots\" content=\"index, follow, max-snippet:-1, max-image-preview:large, max-video-preview:-1\" \/>\n<link rel=\"canonical\" href=\"https:\/\/gogaite.com\/portfolio\/viviendas-sociales-en-pradolongo\/\" \/>\n<meta property=\"og:locale\" content=\"en_US\" \/>\n<meta property=\"og:type\" content=\"article\" \/>\n<meta property=\"og:title\" content=\"Viviendas Sociales en Pradolongo - GOGAITE\" \/>\n<meta property=\"og:url\" content=\"https:\/\/gogaite.com\/portfolio\/viviendas-sociales-en-pradolongo\/\" \/>\n<meta property=\"og:site_name\" content=\"GOGAITE\" \/>\n<meta property=\"article:modified_time\" content=\"2021-08-23T11:16:16+00:00\" \/>\n<meta property=\"og:image\" content=\"https:\/\/i0.wp.com\/gogaite.com\/wp-content\/uploads\/2021\/08\/PRADOLONGO-04.jpg?fit=968%2C1200&ssl=1\" \/>\n\t<meta property=\"og:image:width\" content=\"968\" \/>\n\t<meta property=\"og:image:height\" content=\"1200\" \/>\n\t<meta property=\"og:image:type\" content=\"image\/jpeg\" \/>\n<meta name=\"twitter:card\" content=\"summary_large_image\" \/>\n<meta name=\"twitter:label1\" content=\"Est. reading time\" \/>\n\t<meta name=\"twitter:data1\" content=\"2 minutes\" \/>\n<script type=\"application\/ld+json\" class=\"yoast-schema-graph\">{\"@context\":\"https:\\\/\\\/schema.org\",\"@graph\":[{\"@type\":\"WebPage\",\"@id\":\"https:\\\/\\\/gogaite.com\\\/portfolio\\\/viviendas-sociales-en-pradolongo\\\/\",\"url\":\"https:\\\/\\\/gogaite.com\\\/portfolio\\\/viviendas-sociales-en-pradolongo\\\/\",\"name\":\"Viviendas Sociales en Pradolongo - GOGAITE\",\"isPartOf\":{\"@id\":\"https:\\\/\\\/gogaite.com\\\/#website\"},\"primaryImageOfPage\":{\"@id\":\"https:\\\/\\\/gogaite.com\\\/portfolio\\\/viviendas-sociales-en-pradolongo\\\/#primaryimage\"},\"image\":{\"@id\":\"https:\\\/\\\/gogaite.com\\\/portfolio\\\/viviendas-sociales-en-pradolongo\\\/#primaryimage\"},\"thumbnailUrl\":\"https:\\\/\\\/i0.wp.com\\\/gogaite.com\\\/wp-content\\\/uploads\\\/2021\\\/08\\\/PRADOLONGO-04.jpg?fit=968%2C1200&ssl=1\",\"datePublished\":\"2021-08-23T11:16:15+00:00\",\"dateModified\":\"2021-08-23T11:16:16+00:00\",\"description\":\"El proyecto de las Viviendas Sociales en Pradolongo estudia el car\u00e1cter que debe tener una actuaci\u00f3n en la ciudad hilvanada con el paisaje urbano, el parque y con las amplias v\u00edas que lo envuelven.\",\"breadcrumb\":{\"@id\":\"https:\\\/\\\/gogaite.com\\\/portfolio\\\/viviendas-sociales-en-pradolongo\\\/#breadcrumb\"},\"inLanguage\":\"en-US\",\"potentialAction\":[{\"@type\":\"ReadAction\",\"target\":[\"https:\\\/\\\/gogaite.com\\\/portfolio\\\/viviendas-sociales-en-pradolongo\\\/\"]}]},{\"@type\":\"ImageObject\",\"inLanguage\":\"en-US\",\"@id\":\"https:\\\/\\\/gogaite.com\\\/portfolio\\\/viviendas-sociales-en-pradolongo\\\/#primaryimage\",\"url\":\"https:\\\/\\\/i0.wp.com\\\/gogaite.com\\\/wp-content\\\/uploads\\\/2021\\\/08\\\/PRADOLONGO-04.jpg?fit=968%2C1200&ssl=1\",\"contentUrl\":\"https:\\\/\\\/i0.wp.com\\\/gogaite.com\\\/wp-content\\\/uploads\\\/2021\\\/08\\\/PRADOLONGO-04.jpg?fit=968%2C1200&ssl=1\",\"width\":968,\"height\":1200,\"caption\":\"Viviendas Sociales en Pradolongo\"},{\"@type\":\"BreadcrumbList\",\"@id\":\"https:\\\/\\\/gogaite.com\\\/portfolio\\\/viviendas-sociales-en-pradolongo\\\/#breadcrumb\",\"itemListElement\":[{\"@type\":\"ListItem\",\"position\":1,\"name\":\"Inicio\",\"item\":\"https:\\\/\\\/gogaite.com\\\/\"},{\"@type\":\"ListItem\",\"position\":2,\"name\":\"Proyectos\",\"item\":\"https:\\\/\\\/gogaite.com\\\/portfolio\\\/\"},{\"@type\":\"ListItem\",\"position\":3,\"name\":\"Residencial\",\"item\":\"https:\\\/\\\/gogaite.com\\\/project-type\\\/residencial\\\/\"},{\"@type\":\"ListItem\",\"position\":4,\"name\":\"Viviendas Sociales en Pradolongo\"}]},{\"@type\":\"WebSite\",\"@id\":\"https:\\\/\\\/gogaite.com\\\/#website\",\"url\":\"https:\\\/\\\/gogaite.com\\\/\",\"name\":\"GOGAITE\",\"description\":\"Ingenieros Consultores\",\"publisher\":{\"@id\":\"https:\\\/\\\/gogaite.com\\\/#organization\"},\"potentialAction\":[{\"@type\":\"SearchAction\",\"target\":{\"@type\":\"EntryPoint\",\"urlTemplate\":\"https:\\\/\\\/gogaite.com\\\/?s={search_term_string}\"},\"query-input\":{\"@type\":\"PropertyValueSpecification\",\"valueRequired\":true,\"valueName\":\"search_term_string\"}}],\"inLanguage\":\"en-US\"},{\"@type\":\"Organization\",\"@id\":\"https:\\\/\\\/gogaite.com\\\/#organization\",\"name\":\"GOGAITE Ingenieros Consultores\",\"url\":\"https:\\\/\\\/gogaite.com\\\/\",\"logo\":{\"@type\":\"ImageObject\",\"inLanguage\":\"en-US\",\"@id\":\"https:\\\/\\\/gogaite.com\\\/#\\\/schema\\\/logo\\\/image\\\/\",\"url\":\"https:\\\/\\\/i1.wp.com\\\/gogaite.com\\\/wp-content\\\/uploads\\\/2021\\\/06\\\/cropped-GOGAITE_Encabezado.png?fit=265%2C265&ssl=1\",\"contentUrl\":\"https:\\\/\\\/i1.wp.com\\\/gogaite.com\\\/wp-content\\\/uploads\\\/2021\\\/06\\\/cropped-GOGAITE_Encabezado.png?fit=265%2C265&ssl=1\",\"width\":265,\"height\":265,\"caption\":\"GOGAITE Ingenieros Consultores\"},\"image\":{\"@id\":\"https:\\\/\\\/gogaite.com\\\/#\\\/schema\\\/logo\\\/image\\\/\"},\"sameAs\":[\"https:\\\/\\\/www.linkedin.com\\\/company\\\/gogaite-ingenieros-consultores\"]}]}<\/script>\n<!-- \/ Yoast SEO plugin. -->","yoast_head_json":{"title":"Viviendas Sociales en Pradolongo - GOGAITE","robots":{"index":"index","follow":"follow","max-snippet":"max-snippet:-1","max-image-preview":"max-image-preview:large","max-video-preview":"max-video-preview:-1"},"canonical":"https:\/\/gogaite.com\/portfolio\/viviendas-sociales-en-pradolongo\/","og_locale":"en_US","og_type":"article","og_title":"Viviendas Sociales en Pradolongo - GOGAITE","og_url":"https:\/\/gogaite.com\/portfolio\/viviendas-sociales-en-pradolongo\/","og_site_name":"GOGAITE","article_modified_time":"2021-08-23T11:16:16+00:00","og_image":[{"width":968,"height":1200,"url":"https:\/\/i0.wp.com\/gogaite.com\/wp-content\/uploads\/2021\/08\/PRADOLONGO-04.jpg?fit=968%2C1200&ssl=1","type":"image\/jpeg"}],"twitter_card":"summary_large_image","twitter_misc":{"Est. reading time":"2 minutes"},"schema":{"@context":"https:\/\/schema.org","@graph":[{"@type":"WebPage","@id":"https:\/\/gogaite.com\/portfolio\/viviendas-sociales-en-pradolongo\/","url":"https:\/\/gogaite.com\/portfolio\/viviendas-sociales-en-pradolongo\/","name":"Viviendas Sociales en Pradolongo - GOGAITE","isPartOf":{"@id":"https:\/\/gogaite.com\/#website"},"primaryImageOfPage":{"@id":"https:\/\/gogaite.com\/portfolio\/viviendas-sociales-en-pradolongo\/#primaryimage"},"image":{"@id":"https:\/\/gogaite.com\/portfolio\/viviendas-sociales-en-pradolongo\/#primaryimage"},"thumbnailUrl":"https:\/\/i0.wp.com\/gogaite.com\/wp-content\/uploads\/2021\/08\/PRADOLONGO-04.jpg?fit=968%2C1200&ssl=1","datePublished":"2021-08-23T11:16:15+00:00","dateModified":"2021-08-23T11:16:16+00:00","description":"El proyecto de las Viviendas Sociales en Pradolongo estudia el car\u00e1cter que debe tener una actuaci\u00f3n en la ciudad hilvanada con el paisaje urbano, el parque y con las amplias v\u00edas que lo envuelven.","breadcrumb":{"@id":"https:\/\/gogaite.com\/portfolio\/viviendas-sociales-en-pradolongo\/#breadcrumb"},"inLanguage":"en-US","potentialAction":[{"@type":"ReadAction","target":["https:\/\/gogaite.com\/portfolio\/viviendas-sociales-en-pradolongo\/"]}]},{"@type":"ImageObject","inLanguage":"en-US","@id":"https:\/\/gogaite.com\/portfolio\/viviendas-sociales-en-pradolongo\/#primaryimage","url":"https:\/\/i0.wp.com\/gogaite.com\/wp-content\/uploads\/2021\/08\/PRADOLONGO-04.jpg?fit=968%2C1200&ssl=1","contentUrl":"https:\/\/i0.wp.com\/gogaite.com\/wp-content\/uploads\/2021\/08\/PRADOLONGO-04.jpg?fit=968%2C1200&ssl=1","width":968,"height":1200,"caption":"Viviendas Sociales en Pradolongo"},{"@type":"BreadcrumbList","@id":"https:\/\/gogaite.com\/portfolio\/viviendas-sociales-en-pradolongo\/#breadcrumb","itemListElement":[{"@type":"ListItem","position":1,"name":"Inicio","item":"https:\/\/gogaite.com\/"},{"@type":"ListItem","position":2,"name":"Proyectos","item":"https:\/\/gogaite.com\/portfolio\/"},{"@type":"ListItem","position":3,"name":"Residencial","item":"https:\/\/gogaite.com\/project-type\/residencial\/"},{"@type":"ListItem","position":4,"name":"Viviendas Sociales en Pradolongo"}]},{"@type":"WebSite","@id":"https:\/\/gogaite.com\/#website","url":"https:\/\/gogaite.com\/","name":"GOGAITE","description":"Ingenieros Consultores","publisher":{"@id":"https:\/\/gogaite.com\/#organization"},"potentialAction":[{"@type":"SearchAction","target":{"@type":"EntryPoint","urlTemplate":"https:\/\/gogaite.com\/?s={search_term_string}"},"query-input":{"@type":"PropertyValueSpecification","valueRequired":true,"valueName":"search_term_string"}}],"inLanguage":"en-US"},{"@type":"Organization","@id":"https:\/\/gogaite.com\/#organization","name":"GOGAITE Ingenieros Consultores","url":"https:\/\/gogaite.com\/","logo":{"@type":"ImageObject","inLanguage":"en-US","@id":"https:\/\/gogaite.com\/#\/schema\/logo\/image\/","url":"https:\/\/i1.wp.com\/gogaite.com\/wp-content\/uploads\/2021\/06\/cropped-GOGAITE_Encabezado.png?fit=265%2C265&ssl=1","contentUrl":"https:\/\/i1.wp.com\/gogaite.com\/wp-content\/uploads\/2021\/06\/cropped-GOGAITE_Encabezado.png?fit=265%2C265&ssl=1","width":265,"height":265,"caption":"GOGAITE Ingenieros Consultores"},"image":{"@id":"https:\/\/gogaite.com\/#\/schema\/logo\/image\/"},"sameAs":["https:\/\/www.linkedin.com\/company\/gogaite-ingenieros-consultores"]}]}},"jetpack_publicize_connections":[],"jetpack_likes_enabled":true,"jetpack_sharing_enabled":true,"_links":{"self":[{"href":"https:\/\/gogaite.com\/en\/wp-json\/wp\/v2\/jetpack-portfolio\/1773","targetHints":{"allow":["GET"]}}],"collection":[{"href":"https:\/\/gogaite.com\/en\/wp-json\/wp\/v2\/jetpack-portfolio"}],"about":[{"href":"https:\/\/gogaite.com\/en\/wp-json\/wp\/v2\/types\/jetpack-portfolio"}],"author":[{"embeddable":true,"href":"https:\/\/gogaite.com\/en\/wp-json\/wp\/v2\/users\/206986287"}],"replies":[{"embeddable":true,"href":"https:\/\/gogaite.com\/en\/wp-json\/wp\/v2\/comments?post=1773"}],"version-history":[{"count":3,"href":"https:\/\/gogaite.com\/en\/wp-json\/wp\/v2\/jetpack-portfolio\/1773\/revisions"}],"predecessor-version":[{"id":1778,"href":"https:\/\/gogaite.com\/en\/wp-json\/wp\/v2\/jetpack-portfolio\/1773\/revisions\/1778"}],"wp:featuredmedia":[{"embeddable":true,"href":"https:\/\/gogaite.com\/en\/wp-json\/wp\/v2\/media\/1775"}],"wp:attachment":[{"href":"https:\/\/gogaite.com\/en\/wp-json\/wp\/v2\/media?parent=1773"}],"wp:term":[{"taxonomy":"jetpack-portfolio-type","embeddable":true,"href":"https:\/\/gogaite.com\/en\/wp-json\/wp\/v2\/jetpack-portfolio-type?post=1773"},{"taxonomy":"jetpack-portfolio-tag","embeddable":true,"href":"https:\/\/gogaite.com\/en\/wp-json\/wp\/v2\/jetpack-portfolio-tag?post=1773"}],"curies":[{"name":"wp","href":"https:\/\/api.w.org\/{rel}","templated":true}]}}