{"id":715,"date":"2021-06-28T11:11:23","date_gmt":"2021-06-28T09:11:23","guid":{"rendered":"https:\/\/gogaite.com\/?post_type=jetpack-portfolio&#038;p=715"},"modified":"2021-07-02T10:02:06","modified_gmt":"2021-07-02T08:02:06","slug":"viviendas-sociales-en-carabanchel","status":"publish","type":"jetpack-portfolio","link":"https:\/\/gogaite.com\/en\/portfolio\/viviendas-sociales-en-carabanchel\/","title":{"rendered":"Viviendas Sociales en Carabanchel"},"content":{"rendered":"\n<p class=\"wp-block-paragraph\" style=\"font-size:12px\"><span><span><a href=\"https:\/\/gogaite.com\/en\/\">Inicio<\/a><\/span><\/span><\/p>\n\n\n\n<figure class=\"wp-block-image size-large coblocks-animate\" data-coblocks-animation=\"fadeIn\"><img data-recalc-dims=\"1\" loading=\"lazy\" decoding=\"async\" width=\"760\" height=\"506\" data-attachment-id=\"718\" data-permalink=\"https:\/\/gogaite.com\/en\/1295706516-coco-arquitectos-miguel-de-guzm-n-5\/\" data-orig-file=\"https:\/\/i0.wp.com\/gogaite.com\/wp-content\/uploads\/2021\/06\/1295706516-coco-arquitectos-miguel-de-guzm-n-5.jpg?fit=1000%2C666&amp;ssl=1\" data-orig-size=\"1000,666\" data-comments-opened=\"1\" data-image-meta=\"{&quot;aperture&quot;:&quot;0&quot;,&quot;credit&quot;:&quot;&quot;,&quot;camera&quot;:&quot;&quot;,&quot;caption&quot;:&quot;&quot;,&quot;created_timestamp&quot;:&quot;0&quot;,&quot;copyright&quot;:&quot;&quot;,&quot;focal_length&quot;:&quot;0&quot;,&quot;iso&quot;:&quot;0&quot;,&quot;shutter_speed&quot;:&quot;0&quot;,&quot;title&quot;:&quot;&quot;,&quot;orientation&quot;:&quot;0&quot;}\" data-image-title=\"Viviendas sociales en Carabanchel 02\" data-image-description=\"&lt;p&gt;Viviendas sociales en Carabanchel &amp;#8211; coco arquitectos&lt;\/p&gt;\n\" data-image-caption=\"\" data-large-file=\"https:\/\/i0.wp.com\/gogaite.com\/wp-content\/uploads\/2021\/06\/1295706516-coco-arquitectos-miguel-de-guzm-n-5.jpg?fit=740%2C493&amp;ssl=1\" src=\"https:\/\/i0.wp.com\/gogaite.com\/wp-content\/uploads\/2021\/06\/1295706516-coco-arquitectos-miguel-de-guzm-n-5.jpg?resize=760%2C506&#038;ssl=1\" alt=\"\" class=\"wp-image-718\" srcset=\"https:\/\/i0.wp.com\/gogaite.com\/wp-content\/uploads\/2021\/06\/1295706516-coco-arquitectos-miguel-de-guzm-n-5.jpg?w=1000&amp;ssl=1 1000w, https:\/\/i0.wp.com\/gogaite.com\/wp-content\/uploads\/2021\/06\/1295706516-coco-arquitectos-miguel-de-guzm-n-5.jpg?resize=300%2C200&amp;ssl=1 300w, https:\/\/i0.wp.com\/gogaite.com\/wp-content\/uploads\/2021\/06\/1295706516-coco-arquitectos-miguel-de-guzm-n-5.jpg?resize=150%2C100&amp;ssl=1 150w, https:\/\/i0.wp.com\/gogaite.com\/wp-content\/uploads\/2021\/06\/1295706516-coco-arquitectos-miguel-de-guzm-n-5.jpg?resize=768%2C511&amp;ssl=1 768w, https:\/\/i0.wp.com\/gogaite.com\/wp-content\/uploads\/2021\/06\/1295706516-coco-arquitectos-miguel-de-guzm-n-5.jpg?resize=690%2C460&amp;ssl=1 690w, https:\/\/i0.wp.com\/gogaite.com\/wp-content\/uploads\/2021\/06\/1295706516-coco-arquitectos-miguel-de-guzm-n-5.jpg?resize=800%2C533&amp;ssl=1 800w\" sizes=\"auto, (max-width: 760px) 100vw, 760px\" \/><figcaption>VIVIENDAS SOCIALES EN CARABANCHEL<\/figcaption><\/figure>\n\n\n\n<hr class=\"wp-block-separator has-text-color has-background has-black-background-color has-black-color is-style-default\"\/>\n\n\n\n<div class=\"wp-block-columns is-layout-flex wp-container-core-columns-is-layout-8f761849 wp-block-columns-is-layout-flex\">\n<div class=\"wp-block-column is-layout-flow wp-block-column-is-layout-flow\" style=\"flex-basis:100%\">\n<div class=\"wp-block-columns is-layout-flex wp-container-core-columns-is-layout-8f761849 wp-block-columns-is-layout-flex\">\n<div class=\"wp-block-column is-layout-flow wp-block-column-is-layout-flow\">\n<p class=\"wp-block-paragraph\" style=\"font-size:13px\"><strong>Arquitecto:<\/strong><br>coco arquitectos<br><strong>Tipolog\u00eda:<\/strong><br>Residencial<br><strong>Superficie:<\/strong><br>20.000 m\u00b2 <\/p>\n<\/div>\n\n\n\n<div class=\"wp-block-column is-layout-flow wp-block-column-is-layout-flow\">\n<p class=\"wp-block-paragraph\" style=\"font-size:13px\"><strong>Presupuesto:<\/strong><br>&#8211; \u20ac<br><strong>Situaci\u00f3n:<\/strong><br>Madrid<br><strong>A\u00f1o<\/strong>:<br>2010<\/p>\n<\/div>\n<\/div>\n\n\n\n<p class=\"wp-block-paragraph\" style=\"font-size:13px\">En la estructura proyectada de las Viviendas Sociales en Carabanchel se distinguen dos sistemas claramente diferenciadas. Por un lado, la estructura bajo rasante consistente en forjado reticular de caset\u00f3n recuperable apoyado sobre pilares y muros de hormig\u00f3n armado. Y por otro, la estructura sobre rasante formada por forjado de viguetas de hormig\u00f3n &#8220;in situ&#8221; con bovedillas apoyado en pilares de hormig\u00f3n en general sin vigas ni capiteles.<br><span class=\"has-inline-color has-cyan-bluish-gray-color\"><br>There are two structural systems in this building: Below ground structure consisting of a reticular recoverable cassette slab, concrete columns and walls. Above the ground level structure, concrete joists &#8220;in situ&#8221; forged with vaults over concrete columns with no beams or capitels.<\/span><br><\/p>\n<\/div>\n<\/div>\n","protected":false},"excerpt":{"rendered":"<p>Arquitecto:coco arquitectosTipolog\u00eda:ResidencialSuperficie:20.000 m\u00b2 Presupuesto:&#8211; \u20acSituaci\u00f3n:MadridA\u00f1o:2010 En la estructura proyectada de las Viviendas Sociales en Carabanchel se distinguen dos sistemas claramente diferenciadas. Por un lado, la estructura bajo rasante consistente en forjado reticular de caset\u00f3n recuperable apoyado sobre pilares y muros de hormig\u00f3n armado. Y por otro, la estructura sobre rasante formada por forjado de viguetas&hellip;<\/p>\n<a class=\"read-more-link\" href=\" https:\/\/gogaite.com\/en\/portfolio\/viviendas-sociales-en-carabanchel\/ \">Read More<\/a>","protected":false},"author":206986287,"featured_media":721,"comment_status":"closed","ping_status":"closed","template":"","meta":{"_coblocks_attr":"","_coblocks_dimensions":"","_coblocks_responsive_height":"","_coblocks_accordion_ie_support":"","footnotes":"","jetpack_publicize_message":"{title}\n\n{excerpt}\n\n{url}","jetpack_publicize_feature_enabled":true,"jetpack_social_post_already_shared":true,"jetpack_social_options":{"image_generator_settings":{"template":"highway","default_image_id":0,"font":"","enabled":false},"version":2},"_wpas_customize_per_network":false},"jetpack-portfolio-type":[121881],"jetpack-portfolio-tag":[121892],"class_list":["post-715","jetpack-portfolio","type-jetpack-portfolio","status-publish","has-post-thumbnail","hentry","jetpack-portfolio-type-residencial","jetpack-portfolio-tag-coco-arquitectos","col-lg-3 col-md-4 col-sm-6"],"translation":{"provider":"WPGlobus","version":"3.0.5","language":"en","enabled_languages":["es","en"],"languages":{"es":{"title":true,"content":true,"excerpt":false},"en":{"title":false,"content":false,"excerpt":false}}},"yoast_head":"<!-- This site is optimized with the Yoast SEO plugin v28.4 - https:\/\/yoast.com\/product\/yoast-seo-wordpress\/ -->\n<title>Viviendas Sociales en Carabanchel - GOGAITE<\/title>\n<meta name=\"robots\" content=\"index, follow, max-snippet:-1, max-image-preview:large, max-video-preview:-1\" \/>\n<link rel=\"canonical\" href=\"https:\/\/gogaite.com\/portfolio\/viviendas-sociales-en-carabanchel\/\" \/>\n<meta property=\"og:locale\" content=\"en_US\" \/>\n<meta property=\"og:type\" content=\"article\" \/>\n<meta property=\"og:title\" content=\"Viviendas Sociales en Carabanchel - GOGAITE\" \/>\n<meta property=\"og:url\" content=\"https:\/\/gogaite.com\/portfolio\/viviendas-sociales-en-carabanchel\/\" \/>\n<meta property=\"og:site_name\" content=\"GOGAITE\" \/>\n<meta property=\"article:modified_time\" content=\"2021-07-02T08:02:06+00:00\" \/>\n<meta property=\"og:image\" content=\"https:\/\/i0.wp.com\/gogaite.com\/wp-content\/uploads\/2021\/06\/1295706471-coco-arquitectos-ignacio-izquierdo-2-1.jpg?fit=1200%2C1145&ssl=1\" \/>\n\t<meta property=\"og:image:width\" content=\"1200\" \/>\n\t<meta property=\"og:image:height\" content=\"1145\" \/>\n\t<meta property=\"og:image:type\" content=\"image\/jpeg\" \/>\n<meta name=\"twitter:card\" content=\"summary_large_image\" \/>\n<meta name=\"twitter:label1\" content=\"Est. reading time\" \/>\n\t<meta name=\"twitter:data1\" content=\"1 minute\" \/>\n<script type=\"application\/ld+json\" class=\"yoast-schema-graph\">{\"@context\":\"https:\\\/\\\/schema.org\",\"@graph\":[{\"@type\":\"WebPage\",\"@id\":\"https:\\\/\\\/gogaite.com\\\/portfolio\\\/viviendas-sociales-en-carabanchel\\\/\",\"url\":\"https:\\\/\\\/gogaite.com\\\/portfolio\\\/viviendas-sociales-en-carabanchel\\\/\",\"name\":\"Viviendas Sociales en Carabanchel - GOGAITE\",\"isPartOf\":{\"@id\":\"https:\\\/\\\/gogaite.com\\\/#website\"},\"primaryImageOfPage\":{\"@id\":\"https:\\\/\\\/gogaite.com\\\/portfolio\\\/viviendas-sociales-en-carabanchel\\\/#primaryimage\"},\"image\":{\"@id\":\"https:\\\/\\\/gogaite.com\\\/portfolio\\\/viviendas-sociales-en-carabanchel\\\/#primaryimage\"},\"thumbnailUrl\":\"https:\\\/\\\/i0.wp.com\\\/gogaite.com\\\/wp-content\\\/uploads\\\/2021\\\/06\\\/1295706471-coco-arquitectos-ignacio-izquierdo-2-1.jpg?fit=1200%2C1145&ssl=1\",\"datePublished\":\"2021-06-28T09:11:23+00:00\",\"dateModified\":\"2021-07-02T08:02:06+00:00\",\"description\":\"En la estructura proyectada de las Viviendas Sociales en Carabanchel se distinguen dos sistemas claramente diferenciadas...\",\"breadcrumb\":{\"@id\":\"https:\\\/\\\/gogaite.com\\\/portfolio\\\/viviendas-sociales-en-carabanchel\\\/#breadcrumb\"},\"inLanguage\":\"en-US\",\"potentialAction\":[{\"@type\":\"ReadAction\",\"target\":[\"https:\\\/\\\/gogaite.com\\\/portfolio\\\/viviendas-sociales-en-carabanchel\\\/\"]}]},{\"@type\":\"ImageObject\",\"inLanguage\":\"en-US\",\"@id\":\"https:\\\/\\\/gogaite.com\\\/portfolio\\\/viviendas-sociales-en-carabanchel\\\/#primaryimage\",\"url\":\"https:\\\/\\\/i0.wp.com\\\/gogaite.com\\\/wp-content\\\/uploads\\\/2021\\\/06\\\/1295706471-coco-arquitectos-ignacio-izquierdo-2-1.jpg?fit=1200%2C1145&ssl=1\",\"contentUrl\":\"https:\\\/\\\/i0.wp.com\\\/gogaite.com\\\/wp-content\\\/uploads\\\/2021\\\/06\\\/1295706471-coco-arquitectos-ignacio-izquierdo-2-1.jpg?fit=1200%2C1145&ssl=1\",\"width\":1200,\"height\":1145,\"caption\":\"Viviendas sociales en Carabanchel\"},{\"@type\":\"BreadcrumbList\",\"@id\":\"https:\\\/\\\/gogaite.com\\\/portfolio\\\/viviendas-sociales-en-carabanchel\\\/#breadcrumb\",\"itemListElement\":[{\"@type\":\"ListItem\",\"position\":1,\"name\":\"Inicio\",\"item\":\"https:\\\/\\\/gogaite.com\\\/\"},{\"@type\":\"ListItem\",\"position\":2,\"name\":\"Proyectos\",\"item\":\"https:\\\/\\\/gogaite.com\\\/portfolio\\\/\"},{\"@type\":\"ListItem\",\"position\":3,\"name\":\"Residencial\",\"item\":\"https:\\\/\\\/gogaite.com\\\/project-type\\\/residencial\\\/\"},{\"@type\":\"ListItem\",\"position\":4,\"name\":\"Viviendas Sociales en Carabanchel\"}]},{\"@type\":\"WebSite\",\"@id\":\"https:\\\/\\\/gogaite.com\\\/#website\",\"url\":\"https:\\\/\\\/gogaite.com\\\/\",\"name\":\"GOGAITE\",\"description\":\"Ingenieros Consultores\",\"publisher\":{\"@id\":\"https:\\\/\\\/gogaite.com\\\/#organization\"},\"potentialAction\":[{\"@type\":\"SearchAction\",\"target\":{\"@type\":\"EntryPoint\",\"urlTemplate\":\"https:\\\/\\\/gogaite.com\\\/?s={search_term_string}\"},\"query-input\":{\"@type\":\"PropertyValueSpecification\",\"valueRequired\":true,\"valueName\":\"search_term_string\"}}],\"inLanguage\":\"en-US\"},{\"@type\":\"Organization\",\"@id\":\"https:\\\/\\\/gogaite.com\\\/#organization\",\"name\":\"GOGAITE Ingenieros Consultores\",\"url\":\"https:\\\/\\\/gogaite.com\\\/\",\"logo\":{\"@type\":\"ImageObject\",\"inLanguage\":\"en-US\",\"@id\":\"https:\\\/\\\/gogaite.com\\\/#\\\/schema\\\/logo\\\/image\\\/\",\"url\":\"https:\\\/\\\/i1.wp.com\\\/gogaite.com\\\/wp-content\\\/uploads\\\/2021\\\/06\\\/cropped-GOGAITE_Encabezado.png?fit=265%2C265&ssl=1\",\"contentUrl\":\"https:\\\/\\\/i1.wp.com\\\/gogaite.com\\\/wp-content\\\/uploads\\\/2021\\\/06\\\/cropped-GOGAITE_Encabezado.png?fit=265%2C265&ssl=1\",\"width\":265,\"height\":265,\"caption\":\"GOGAITE Ingenieros Consultores\"},\"image\":{\"@id\":\"https:\\\/\\\/gogaite.com\\\/#\\\/schema\\\/logo\\\/image\\\/\"},\"sameAs\":[\"https:\\\/\\\/www.linkedin.com\\\/company\\\/gogaite-ingenieros-consultores\"]}]}<\/script>\n<!-- \/ Yoast SEO plugin. -->","yoast_head_json":{"title":"Viviendas Sociales en Carabanchel - GOGAITE","robots":{"index":"index","follow":"follow","max-snippet":"max-snippet:-1","max-image-preview":"max-image-preview:large","max-video-preview":"max-video-preview:-1"},"canonical":"https:\/\/gogaite.com\/portfolio\/viviendas-sociales-en-carabanchel\/","og_locale":"en_US","og_type":"article","og_title":"Viviendas Sociales en Carabanchel - GOGAITE","og_url":"https:\/\/gogaite.com\/portfolio\/viviendas-sociales-en-carabanchel\/","og_site_name":"GOGAITE","article_modified_time":"2021-07-02T08:02:06+00:00","og_image":[{"width":1200,"height":1145,"url":"https:\/\/i0.wp.com\/gogaite.com\/wp-content\/uploads\/2021\/06\/1295706471-coco-arquitectos-ignacio-izquierdo-2-1.jpg?fit=1200%2C1145&ssl=1","type":"image\/jpeg"}],"twitter_card":"summary_large_image","twitter_misc":{"Est. reading time":"1 minute"},"schema":{"@context":"https:\/\/schema.org","@graph":[{"@type":"WebPage","@id":"https:\/\/gogaite.com\/portfolio\/viviendas-sociales-en-carabanchel\/","url":"https:\/\/gogaite.com\/portfolio\/viviendas-sociales-en-carabanchel\/","name":"Viviendas Sociales en Carabanchel - GOGAITE","isPartOf":{"@id":"https:\/\/gogaite.com\/#website"},"primaryImageOfPage":{"@id":"https:\/\/gogaite.com\/portfolio\/viviendas-sociales-en-carabanchel\/#primaryimage"},"image":{"@id":"https:\/\/gogaite.com\/portfolio\/viviendas-sociales-en-carabanchel\/#primaryimage"},"thumbnailUrl":"https:\/\/i0.wp.com\/gogaite.com\/wp-content\/uploads\/2021\/06\/1295706471-coco-arquitectos-ignacio-izquierdo-2-1.jpg?fit=1200%2C1145&ssl=1","datePublished":"2021-06-28T09:11:23+00:00","dateModified":"2021-07-02T08:02:06+00:00","description":"En la estructura proyectada de las Viviendas Sociales en Carabanchel se distinguen dos sistemas claramente diferenciadas...","breadcrumb":{"@id":"https:\/\/gogaite.com\/portfolio\/viviendas-sociales-en-carabanchel\/#breadcrumb"},"inLanguage":"en-US","potentialAction":[{"@type":"ReadAction","target":["https:\/\/gogaite.com\/portfolio\/viviendas-sociales-en-carabanchel\/"]}]},{"@type":"ImageObject","inLanguage":"en-US","@id":"https:\/\/gogaite.com\/portfolio\/viviendas-sociales-en-carabanchel\/#primaryimage","url":"https:\/\/i0.wp.com\/gogaite.com\/wp-content\/uploads\/2021\/06\/1295706471-coco-arquitectos-ignacio-izquierdo-2-1.jpg?fit=1200%2C1145&ssl=1","contentUrl":"https:\/\/i0.wp.com\/gogaite.com\/wp-content\/uploads\/2021\/06\/1295706471-coco-arquitectos-ignacio-izquierdo-2-1.jpg?fit=1200%2C1145&ssl=1","width":1200,"height":1145,"caption":"Viviendas sociales en Carabanchel"},{"@type":"BreadcrumbList","@id":"https:\/\/gogaite.com\/portfolio\/viviendas-sociales-en-carabanchel\/#breadcrumb","itemListElement":[{"@type":"ListItem","position":1,"name":"Inicio","item":"https:\/\/gogaite.com\/"},{"@type":"ListItem","position":2,"name":"Proyectos","item":"https:\/\/gogaite.com\/portfolio\/"},{"@type":"ListItem","position":3,"name":"Residencial","item":"https:\/\/gogaite.com\/project-type\/residencial\/"},{"@type":"ListItem","position":4,"name":"Viviendas Sociales en Carabanchel"}]},{"@type":"WebSite","@id":"https:\/\/gogaite.com\/#website","url":"https:\/\/gogaite.com\/","name":"GOGAITE","description":"Ingenieros Consultores","publisher":{"@id":"https:\/\/gogaite.com\/#organization"},"potentialAction":[{"@type":"SearchAction","target":{"@type":"EntryPoint","urlTemplate":"https:\/\/gogaite.com\/?s={search_term_string}"},"query-input":{"@type":"PropertyValueSpecification","valueRequired":true,"valueName":"search_term_string"}}],"inLanguage":"en-US"},{"@type":"Organization","@id":"https:\/\/gogaite.com\/#organization","name":"GOGAITE Ingenieros Consultores","url":"https:\/\/gogaite.com\/","logo":{"@type":"ImageObject","inLanguage":"en-US","@id":"https:\/\/gogaite.com\/#\/schema\/logo\/image\/","url":"https:\/\/i1.wp.com\/gogaite.com\/wp-content\/uploads\/2021\/06\/cropped-GOGAITE_Encabezado.png?fit=265%2C265&ssl=1","contentUrl":"https:\/\/i1.wp.com\/gogaite.com\/wp-content\/uploads\/2021\/06\/cropped-GOGAITE_Encabezado.png?fit=265%2C265&ssl=1","width":265,"height":265,"caption":"GOGAITE Ingenieros Consultores"},"image":{"@id":"https:\/\/gogaite.com\/#\/schema\/logo\/image\/"},"sameAs":["https:\/\/www.linkedin.com\/company\/gogaite-ingenieros-consultores"]}]}},"jetpack_publicize_connections":[],"jetpack_likes_enabled":true,"jetpack_sharing_enabled":true,"_links":{"self":[{"href":"https:\/\/gogaite.com\/en\/wp-json\/wp\/v2\/jetpack-portfolio\/715","targetHints":{"allow":["GET"]}}],"collection":[{"href":"https:\/\/gogaite.com\/en\/wp-json\/wp\/v2\/jetpack-portfolio"}],"about":[{"href":"https:\/\/gogaite.com\/en\/wp-json\/wp\/v2\/types\/jetpack-portfolio"}],"author":[{"embeddable":true,"href":"https:\/\/gogaite.com\/en\/wp-json\/wp\/v2\/users\/206986287"}],"replies":[{"embeddable":true,"href":"https:\/\/gogaite.com\/en\/wp-json\/wp\/v2\/comments?post=715"}],"version-history":[{"count":8,"href":"https:\/\/gogaite.com\/en\/wp-json\/wp\/v2\/jetpack-portfolio\/715\/revisions"}],"predecessor-version":[{"id":1199,"href":"https:\/\/gogaite.com\/en\/wp-json\/wp\/v2\/jetpack-portfolio\/715\/revisions\/1199"}],"wp:featuredmedia":[{"embeddable":true,"href":"https:\/\/gogaite.com\/en\/wp-json\/wp\/v2\/media\/721"}],"wp:attachment":[{"href":"https:\/\/gogaite.com\/en\/wp-json\/wp\/v2\/media?parent=715"}],"wp:term":[{"taxonomy":"jetpack-portfolio-type","embeddable":true,"href":"https:\/\/gogaite.com\/en\/wp-json\/wp\/v2\/jetpack-portfolio-type?post=715"},{"taxonomy":"jetpack-portfolio-tag","embeddable":true,"href":"https:\/\/gogaite.com\/en\/wp-json\/wp\/v2\/jetpack-portfolio-tag?post=715"}],"curies":[{"name":"wp","href":"https:\/\/api.w.org\/{rel}","templated":true}]}}